{"id":2,"date":"2016-08-16T23:47:07","date_gmt":"2016-08-16T23:47:07","guid":{"rendered":"http:\/\/totaltheme.wpengine.com\/vanilla\/?page_id=2"},"modified":"2025-11-14T15:08:14","modified_gmt":"2025-11-14T18:08:14","slug":"home","status":"publish","type":"page","link":"https:\/\/redpronorte.cl\/sitio\/","title":{"rendered":"Inicio"},"content":{"rendered":"[vc_row][vc_column]\n\t\t\t<!-- START Homepage REVOLUTION SLIDER 6.5.31 --><p class=\"rs-p-wp-fix\"><\/p>\n\t\t\t<rs-module-wrap id=\"rev_slider_1_1_wrapper\" data-source=\"gallery\" style=\"visibility:hidden;background:#ededed;padding:0;margin:0px auto;margin-top:0;margin-bottom:0;\">\n\t\t\t\t<rs-module id=\"rev_slider_1_1\" style=\"\" data-version=\"6.5.31\">\n\t\t\t\t\t<rs-slides>\n\t\t\t\t\t\t<rs-slide style=\"position: absolute;\" data-key=\"rs-1\" data-title=\"Slide 1\" data-thumb=\"\/\/redpronorte.cl\/sitio\/wp-content\/uploads\/2023\/01\/cabecera6-1-100x50.jpg\" data-duration=\"4500\" data-anim=\"adpr:false;ms:600;\" data-in=\"o:0;\" data-out=\"a:false;\">\n\t\t\t\t\t\t\t<img decoding=\"async\" src=\"\/\/redpronorte.cl\/sitio\/wp-content\/plugins\/revslider\/public\/assets\/assets\/dummy.png\" alt=\"\" title=\"cabecera6\" width=\"1920\" height=\"1035\" class=\"rev-slidebg tp-rs-img rs-lazyload\" data-lazyload=\"\/\/redpronorte.cl\/sitio\/wp-content\/uploads\/2023\/01\/cabecera6-1.jpg\" data-bg=\"p:center top;\" data-no-retina>\n<!--\n\t\t\t\t\t\t\t--><rs-layer\n\t\t\t\t\t\t\t\tid=\"slider-1-slide-1-layer-2\" \n\t\t\t\t\t\t\t\tclass=\"medium_light_white\"\n\t\t\t\t\t\t\t\tdata-type=\"text\"\n\t\t\t\t\t\t\t\tdata-color=\"#ffffff\"\n\t\t\t\t\t\t\t\tdata-rsp_ch=\"on\"\n\t\t\t\t\t\t\t\tdata-xy=\"x:c;xo:-2px;y:c;yo:24px;\"\n\t\t\t\t\t\t\t\tdata-text=\"s:36;l:32;fw:600;\"\n\t\t\t\t\t\t\t\tdata-frame_1=\"e:none;st:1500;sR:1500;\"\n\t\t\t\t\t\t\t\tdata-frame_999=\"st:w;sR:2700;auto:true;\"\n\t\t\t\t\t\t\t\tstyle=\"z-index:6;font-family:'Open Sans';\"\n\t\t\t\t\t\t\t>Red de Proveedores de Tarapac\u00e1 \n\t\t\t\t\t\t\t<\/rs-layer><!--\n\n\t\t\t\t\t\t\t--><a\n\t\t\t\t\t\t\t\tid=\"slider-1-slide-1-layer-5\" \n\t\t\t\t\t\t\t\tclass=\"rs-layer modern_red_button\"\n\t\t\t\t\t\t\t\thref=\"https:\/\/redpronorte.freya.cl\/vistas\/index.php\" target=\"_blank\" rel=\"nofollow noopener\"\n\t\t\t\t\t\t\t\tdata-type=\"button\"\n\t\t\t\t\t\t\t\tdata-color=\"rgba(255, 255, 255, 1)\"\n\t\t\t\t\t\t\t\tdata-rsp_ch=\"on\"\n\t\t\t\t\t\t\t\tdata-xy=\"x:c;xo:-13px;y:c;yo:137px;\"\n\t\t\t\t\t\t\t\tdata-text=\"s:16;l:36;ls:0px;\"\n\t\t\t\t\t\t\t\tdata-padding=\"t:1;r:20;b:3;l:20;\"\n\t\t\t\t\t\t\t\tdata-border=\"bor:5px,5px,5px,5px;\"\n\t\t\t\t\t\t\t\tdata-frame_0=\"x:50px;\"\n\t\t\t\t\t\t\t\tdata-frame_1=\"e:none;st:2700;sR:2700;\"\n\t\t\t\t\t\t\t\tdata-frame_999=\"st:w;sR:1500;auto:true;\"\n\t\t\t\t\t\t\t\tstyle=\"z-index:9;background-color:rgba(255,85,70,1);font-family:'Open Sans';\"\n\t\t\t\t\t\t\t><i class=\"fa-lock\"><\/i> Entrar al Sistema \n\t\t\t\t\t\t\t<\/a><!--\n-->\t\t\t\t\t\t<\/rs-slide>\n\t\t\t\t\t\t<rs-slide style=\"position: absolute;\" data-key=\"rs-2\" data-title=\"Slide 2\" data-thumb=\"\/\/redpronorte.cl\/sitio\/wp-content\/uploads\/2023\/01\/cabecera7-100x50.jpg\" data-duration=\"4000\" data-anim=\"adpr:false;ms:600;\" data-in=\"o:0;\" data-out=\"a:false;\">\n\t\t\t\t\t\t\t<img decoding=\"async\" src=\"\/\/redpronorte.cl\/sitio\/wp-content\/plugins\/revslider\/public\/assets\/assets\/dummy.png\" alt=\"\" title=\"cabecera7\" width=\"1920\" height=\"1035\" class=\"rev-slidebg tp-rs-img rs-lazyload\" data-lazyload=\"\/\/redpronorte.cl\/sitio\/wp-content\/uploads\/2023\/01\/cabecera7.jpg\" data-bg=\"p:center top;\" data-no-retina>\n<!--\n\t\t\t\t\t\t\t--><rs-layer\n\t\t\t\t\t\t\t\tid=\"slider-1-slide-2-layer-1\" \n\t\t\t\t\t\t\t\tclass=\"largewhitetxt\"\n\t\t\t\t\t\t\t\tdata-type=\"text\"\n\t\t\t\t\t\t\t\tdata-color=\"#ffffff\"\n\t\t\t\t\t\t\t\tdata-rsp_ch=\"on\"\n\t\t\t\t\t\t\t\tdata-xy=\"x:20px;y:c;yo:-99px;\"\n\t\t\t\t\t\t\t\tdata-text=\"s:36;l:70;\"\n\t\t\t\t\t\t\t\tdata-frame_0=\"x:-50px;\"\n\t\t\t\t\t\t\t\tdata-frame_1=\"e:none;st:500;sp:400;sR:500;\"\n\t\t\t\t\t\t\t\tdata-frame_999=\"st:w;sR:3100;auto:true;\"\n\t\t\t\t\t\t\t\tstyle=\"z-index:5;font-family:'Open Sans';\"\n\t\t\t\t\t\t\t>Haz tu empresa visible \n\t\t\t\t\t\t\t<\/rs-layer><!--\n\n\t\t\t\t\t\t\t--><rs-layer\n\t\t\t\t\t\t\t\tid=\"slider-1-slide-2-layer-2\" \n\t\t\t\t\t\t\t\tclass=\"largewhitetxt\"\n\t\t\t\t\t\t\t\tdata-type=\"text\"\n\t\t\t\t\t\t\t\tdata-color=\"#ffffff\"\n\t\t\t\t\t\t\t\tdata-rsp_ch=\"on\"\n\t\t\t\t\t\t\t\tdata-xy=\"x:20px;y:c;yo:-50px;\"\n\t\t\t\t\t\t\t\tdata-text=\"s:36;l:70;\"\n\t\t\t\t\t\t\t\tdata-frame_0=\"x:-50px;\"\n\t\t\t\t\t\t\t\tdata-frame_1=\"e:none;st:1100;sp:400;sR:1100;\"\n\t\t\t\t\t\t\t\tdata-frame_999=\"st:w;sR:2500;auto:true;\"\n\t\t\t\t\t\t\t\tstyle=\"z-index:6;font-family:'Open Sans';\"\n\t\t\t\t\t\t\t>a tus clientes \n\t\t\t\t\t\t\t<\/rs-layer><!--\n\n\t\t\t\t\t\t\t--><a\n\t\t\t\t\t\t\t\tid=\"slider-1-slide-2-layer-4\" \n\t\t\t\t\t\t\t\tclass=\"rs-layer minimal_white_button\"\n\t\t\t\t\t\t\t\thref=\"https:\/\/redpronorte.freya.cl\/vistas\/index.php\" target=\"_blank\" rel=\"noopener\"\n\t\t\t\t\t\t\t\tdata-type=\"text\"\n\t\t\t\t\t\t\t\tdata-color=\"rgba(255, 255, 255, 1)\"\n\t\t\t\t\t\t\t\tdata-rsp_ch=\"on\"\n\t\t\t\t\t\t\t\tdata-xy=\"x:23px;y:c;yo:18px;\"\n\t\t\t\t\t\t\t\tdata-text=\"s:18;l:28;fw:300;\"\n\t\t\t\t\t\t\t\tdata-padding=\"t:5;r:12;b:5;l:12;\"\n\t\t\t\t\t\t\t\tdata-border=\"bos:solid;boc:rgba(255, 255, 255, 1);bow:3px,3px,3px,3px;bor:3px,3px,3px,3px;\"\n\t\t\t\t\t\t\t\tdata-frame_1=\"e:none;st:2410;sp:400;sR:2410;\"\n\t\t\t\t\t\t\t\tdata-frame_999=\"x:-50px;o:0;e:nothing;st:w;sR:1190;\"\n\t\t\t\t\t\t\t\tstyle=\"z-index:8;font-family:'Open Sans';cursor:pointer;\"\n\t\t\t\t\t\t\t><i class=\"fa-lock\"><\/i> ENTRA AL SISTEMA \n\t\t\t\t\t\t\t<\/a><!--\n-->\t\t\t\t\t\t<\/rs-slide>\n\t\t\t\t\t<\/rs-slides>\n\t\t\t\t<\/rs-module>\n\t\t\t\t<script>\n\t\t\t\t\tsetREVStartSize({c: 'rev_slider_1_1',rl:[1240,1024,778,480],el:[550],gw:[980],gh:[550],type:'standard',justify:'',layout:'fullwidth',mh:\"0\"});if (window.RS_MODULES!==undefined && window.RS_MODULES.modules!==undefined && window.RS_MODULES.modules[\"revslider11\"]!==undefined) {window.RS_MODULES.modules[\"revslider11\"].once = false;window.revapi1 = undefined;if (window.RS_MODULES.checkMinimal!==undefined) window.RS_MODULES.checkMinimal()}\n\t\t\t\t<\/script>\n\t\t\t<\/rs-module-wrap>\n\t\t\t<!-- END REVOLUTION SLIDER -->\n[\/vc_column][\/vc_row][vc_row css=&#8221;.vc_custom_1503184752112{padding-top: 60px !important;}&#8221;][vc_column width=&#8221;1\/2&#8243;][vc_empty_space height=&#8221;20px&#8221;]<h2 class=\"vcex-heading vcex-module wpex-text-2xl wpex-font-normal wpex-m-auto wpex-max-w-100 vcex-heading-plain wpex-block vc_custom_1672321479870\"><span class=\"vcex-heading-inner wpex-inline-block wpex-clr\">RED PRO NORTE<\/span><\/h2>[vc_column_text]Somos el portal de proveedores de la regi\u00f3n de Tarapac\u00e1, facilitamos tu b\u00fasqueda y presencia, potenciando tu participaci\u00f3n en el ecosistema de suministro del sector minero y rubros asociados, como turismo, construcci\u00f3n, pesca, comercio, transporte y servicios industriales.<\/p>\n<p>En Red Pro Norte respaldamos tu experiencia como empresa proveedora bajo un est\u00e1ndar minucioso de revisi\u00f3n de antecedentes, acompa\u00f1ado de una gu\u00eda amigable y cercana que te permitir\u00e1 ser parte de esta red.<\/p>\n<p>Potencia tu b\u00fasqueda, inscr\u00edbete en el portal que presenta toda la informaci\u00f3n relevante de las empresas proveedoras de Tarapac\u00e1 y haz match con un potencial cliente.[\/vc_column_text][\/vc_column][vc_column width=&#8221;1\/2&#8243;][vc_raw_html]JTNDaWZyYW1lJTIwd2lkdGglM0QlMjI1NjAlMjIlMjBoZWlnaHQlM0QlMjIzMTUlMjIlMjBzcmMlM0QlMjJodHRwcyUzQSUyRiUyRnd3dy55b3V0dWJlLmNvbSUyRmVtYmVkJTJGa3RtbW5JeVNnM1UlM0ZhdXRvcGxheSUzRDElMjZyZWwlM0QwJTI2bXV0ZSUzRDElMjZjb250cm9scyUzRDElMjZsb29wJTNEMSUyMiUyMHRpdGxlJTNEJTIyWW91VHViZSUyMHZpZGVvJTIwcGxheWVyJTIyJTIwZnJhbWVib3JkZXIlM0QlMjIwJTIyJTIwYWxsb3clM0QlMjJhY2NlbGVyb21ldGVyJTNCJTIwYXV0b3BsYXklM0IlMjBjbGlwYm9hcmQtd3JpdGUlM0IlMjBlbmNyeXB0ZWQtbWVkaWElM0IlMjBneXJvc2NvcGUlM0IlMjBwaWN0dXJlLWluLXBpY3R1cmUlM0IlMjB3ZWItc2hhcmUlMjIlMjBhbGxvd2Z1bGxzY3JlZW4lM0UlM0MlMkZpZnJhbWUlM0U=[\/vc_raw_html][\/vc_column][\/vc_row][vc_row css=&#8221;.vc_custom_1503184752112{padding-top: 60px !important;}&#8221;][vc_column]<div class=\"vcex-module vcex-callout wpex-boxed with-button wpex-text-center wpex-md-text-initial wpex-md-flex wpex-md-items-center wpex-mb-0\" style=\"background:#dd9933;\"><div class=\"vcex-callout-caption wpex-text-md wpex-last-mb-0 wpex-mb-20 wpex-md-w-75 wpex-md-pr-20 wpex-md-mb-0 wpex-clr\" style=\"color:#ffffff;\"><p style=\"text-align: center\"><strong><span class=\"wpex-text-xl wpex-text-2xl\">M\u00e1s de 730 empresas locales ya son parte de Red Pro Norte<\/span><\/strong><\/p>\n<\/div><div class=\"vcex-callout-button wpex-md-w-25 wpex-md-text-center\"><a href=\"https:\/\/www.redpronorte.freya.cl\/m\/m_inscripcion\/v\/gi_inscribir_proveedor_web.php\" title=\"Inscr\u00edbete\" style=\"font-size:1.5em;font-weight:400;\" class=\"theme-button minimal-border white wpex-text-center wpex-text-base\">Inscr\u00edbete<\/a><\/div><\/div>[\/vc_column][\/vc_row][vc_row][vc_column]<div class=\"vcex-module vcex-post-type-grid-wrap wpex-clr\"><div class=\"wpex-row vcex-post-type-grid entries wpex-clr match-height-grid\"><div class=\"vcex-post-type-entry vcex-grid-item wpex-clr col span_1_of_3 col-1 post-608 entry type-post has-media cat-4\"><div class=\"vcex-post-type-entry-inner entry-inner wpex-first-mt-0 wpex-last-mb-0 wpex-clr\"><div class=\"vcex-post-type-entry-media entry-media\"><a href=\"https:\/\/redpronorte.cl\/sitio\/faena-minera-de-teck-en-peru-conoce-red-pro-norte\/\" title=\"Faena minera de Teck en Per\u00fa conoce Red Pro Norte\"><img decoding=\"async\" loading=\"lazy\" class=\"vcex-blog-entry-img wpex-align-middle\" src=\"https:\/\/redpronorte.cl\/sitio\/wp-content\/uploads\/2025\/07\/IMG_5502-375x250.jpg\" alt=\"\" srcset=\"https:\/\/redpronorte.cl\/sitio\/wp-content\/uploads\/2025\/07\/IMG_5502-375x250.jpg 375w, https:\/\/redpronorte.cl\/sitio\/wp-content\/uploads\/2025\/07\/IMG_5502-300x200.jpg 300w, https:\/\/redpronorte.cl\/sitio\/wp-content\/uploads\/2025\/07\/IMG_5502-1024x683.jpg 1024w, https:\/\/redpronorte.cl\/sitio\/wp-content\/uploads\/2025\/07\/IMG_5502-768x512.jpg 768w, https:\/\/redpronorte.cl\/sitio\/wp-content\/uploads\/2025\/07\/IMG_5502-1536x1024.jpg 1536w, https:\/\/redpronorte.cl\/sitio\/wp-content\/uploads\/2025\/07\/IMG_5502-1200x800.jpg 1200w, https:\/\/redpronorte.cl\/sitio\/wp-content\/uploads\/2025\/07\/IMG_5502.jpg 1920w\" width=\"375\" height=\"250\"><\/a><\/div><div class=\"vcex-post-type-entry-details entry-details wpex-bordered wpex-first-mt-0 wpex-last-mb-0 wpex-clr\"><div class=\"match-height-content\"><h2 class=\"vcex-post-type-entry-title entry-title wpex-mb-5\" ><a href=\"https:\/\/redpronorte.cl\/sitio\/faena-minera-de-teck-en-peru-conoce-red-pro-norte\/\">Faena minera de Teck en Per\u00fa conoce Red Pro Norte<\/a><\/h2 ><div class=\"vcex-post-type-entry-date entry-date wpex-text-sm wpex-text-3 wpex-mb-5\">28 de Julio de 2025<\/div><div class=\"vcex-post-type-entry-excerpt entry-excerpt wpex-my-15 wpex-last-mb-0 wpex-clr\"><p>La Asociaci\u00f3n de Industriales de Iquique y el Tamarugal (AII), junto a Teck Quebrada Blanca sostuvieron una reuni\u00f3n con los&hellip;<\/p><\/div><div class=\"vcex-post-type-entry-readmore-wrap entry-readmore-wrap wpex-my-15 wpex-clr\"><a href=\"https:\/\/redpronorte.cl\/sitio\/faena-minera-de-teck-en-peru-conoce-red-pro-norte\/\" class=\"theme-button\" aria-label=\"Read more about Faena minera de Teck en Per\u00fa conoce Red Pro Norte\">Read more<\/a><\/div><\/div><\/div><\/div><\/div><div class=\"vcex-post-type-entry vcex-grid-item wpex-clr col span_1_of_3 col-2 post-600 entry type-post has-media cat-4\"><div class=\"vcex-post-type-entry-inner entry-inner wpex-first-mt-0 wpex-last-mb-0 wpex-clr\"><div class=\"vcex-post-type-entry-media entry-media\"><a href=\"https:\/\/redpronorte.cl\/sitio\/primera-jornada-de-vinculacion-empresarial-de-red-pro-norte-impulsa-innovacion-con-proposito-en-tarapaca\/\" title=\"Primera Jornada de Vinculaci\u00f3n Empresarial de Red Pro Norte impulsa innovaci\u00f3n con prop\u00f3sito en Tarapac\u00e1\"><img decoding=\"async\" loading=\"lazy\" class=\"vcex-blog-entry-img wpex-align-middle\" src=\"https:\/\/redpronorte.cl\/sitio\/wp-content\/uploads\/2025\/07\/JB24062025-006-scaled-375x250.jpg\" alt=\"\" srcset=\"https:\/\/redpronorte.cl\/sitio\/wp-content\/uploads\/2025\/07\/JB24062025-006-scaled-375x250.jpg 375w, https:\/\/redpronorte.cl\/sitio\/wp-content\/uploads\/2025\/07\/JB24062025-006-300x200.jpg 300w, https:\/\/redpronorte.cl\/sitio\/wp-content\/uploads\/2025\/07\/JB24062025-006-1024x683.jpg 1024w, https:\/\/redpronorte.cl\/sitio\/wp-content\/uploads\/2025\/07\/JB24062025-006-768x512.jpg 768w, https:\/\/redpronorte.cl\/sitio\/wp-content\/uploads\/2025\/07\/JB24062025-006-1536x1024.jpg 1536w, https:\/\/redpronorte.cl\/sitio\/wp-content\/uploads\/2025\/07\/JB24062025-006-2048x1365.jpg 2048w, https:\/\/redpronorte.cl\/sitio\/wp-content\/uploads\/2025\/07\/JB24062025-006-scaled-1200x800.jpg 1200w\" width=\"375\" height=\"250\"><\/a><\/div><div class=\"vcex-post-type-entry-details entry-details wpex-bordered wpex-first-mt-0 wpex-last-mb-0 wpex-clr\"><div class=\"match-height-content\"><h2 class=\"vcex-post-type-entry-title entry-title wpex-mb-5\" ><a href=\"https:\/\/redpronorte.cl\/sitio\/primera-jornada-de-vinculacion-empresarial-de-red-pro-norte-impulsa-innovacion-con-proposito-en-tarapaca\/\">Primera Jornada de Vinculaci\u00f3n Empresarial de Red Pro Norte impulsa innovaci\u00f3n con prop\u00f3sito en Tarapac\u00e1<\/a><\/h2 ><div class=\"vcex-post-type-entry-date entry-date wpex-text-sm wpex-text-3 wpex-mb-5\">28 de Julio de 2025<\/div><div class=\"vcex-post-type-entry-excerpt entry-excerpt wpex-my-15 wpex-last-mb-0 wpex-clr\"><p>Con una destacada convocatoria en el Sal\u00f3n Santa Laura del Hotel Gavina, se llev\u00f3 a cabo la Primera Jornada de&hellip;<\/p><\/div><div class=\"vcex-post-type-entry-readmore-wrap entry-readmore-wrap wpex-my-15 wpex-clr\"><a href=\"https:\/\/redpronorte.cl\/sitio\/primera-jornada-de-vinculacion-empresarial-de-red-pro-norte-impulsa-innovacion-con-proposito-en-tarapaca\/\" class=\"theme-button\" aria-label=\"Read more about Primera Jornada de Vinculaci\u00f3n Empresarial de Red Pro Norte impulsa innovaci\u00f3n con prop\u00f3sito en Tarapac\u00e1\">Read more<\/a><\/div><\/div><\/div><\/div><\/div><div class=\"vcex-post-type-entry vcex-grid-item wpex-clr col span_1_of_3 col-3 post-577 entry type-post has-media cat-4\"><div class=\"vcex-post-type-entry-inner entry-inner wpex-first-mt-0 wpex-last-mb-0 wpex-clr\"><div class=\"vcex-post-type-entry-media entry-media\"><a href=\"https:\/\/redpronorte.cl\/sitio\/aii-y-teck-realizan-networking-para-proveedores-de-red-pro-norte\/\" title=\"AII y Teck realizan networking para proveedores de Red Pro Norte\"><img decoding=\"async\" loading=\"lazy\" class=\"vcex-blog-entry-img wpex-align-middle\" src=\"https:\/\/redpronorte.cl\/sitio\/wp-content\/uploads\/2024\/12\/Foto16-1-scaled-375x250.jpg\" alt=\"\" srcset=\"https:\/\/redpronorte.cl\/sitio\/wp-content\/uploads\/2024\/12\/Foto16-1-scaled-375x250.jpg 375w, https:\/\/redpronorte.cl\/sitio\/wp-content\/uploads\/2024\/12\/Foto16-1-300x200.jpg 300w, https:\/\/redpronorte.cl\/sitio\/wp-content\/uploads\/2024\/12\/Foto16-1-1024x683.jpg 1024w, https:\/\/redpronorte.cl\/sitio\/wp-content\/uploads\/2024\/12\/Foto16-1-768x512.jpg 768w, https:\/\/redpronorte.cl\/sitio\/wp-content\/uploads\/2024\/12\/Foto16-1-1536x1024.jpg 1536w, https:\/\/redpronorte.cl\/sitio\/wp-content\/uploads\/2024\/12\/Foto16-1-2048x1365.jpg 2048w, https:\/\/redpronorte.cl\/sitio\/wp-content\/uploads\/2024\/12\/Foto16-1-scaled-1200x800.jpg 1200w\" width=\"375\" height=\"250\"><\/a><\/div><div class=\"vcex-post-type-entry-details entry-details wpex-bordered wpex-first-mt-0 wpex-last-mb-0 wpex-clr\"><div class=\"match-height-content\"><h2 class=\"vcex-post-type-entry-title entry-title wpex-mb-5\" ><a href=\"https:\/\/redpronorte.cl\/sitio\/aii-y-teck-realizan-networking-para-proveedores-de-red-pro-norte\/\">AII y Teck realizan networking para proveedores de Red Pro Norte<\/a><\/h2 ><div class=\"vcex-post-type-entry-date entry-date wpex-text-sm wpex-text-3 wpex-mb-5\">17 de Diciembre de 2024<\/div><div class=\"vcex-post-type-entry-excerpt entry-excerpt wpex-my-15 wpex-last-mb-0 wpex-clr\"><p>En el Hotel Terrado Suites se llev\u00f3 a cabo la \u00faltima actividad del a\u00f1o de Red Pro Norte, denominada \u201cC\u00f3ctel&hellip;<\/p><\/div><div class=\"vcex-post-type-entry-readmore-wrap entry-readmore-wrap wpex-my-15 wpex-clr\"><a href=\"https:\/\/redpronorte.cl\/sitio\/aii-y-teck-realizan-networking-para-proveedores-de-red-pro-norte\/\" class=\"theme-button\" aria-label=\"Read more about AII y Teck realizan networking para proveedores de Red Pro Norte\">Read more<\/a><\/div><\/div><\/div><\/div><\/div><div class=\"vcex-post-type-entry vcex-grid-item wpex-clr col span_1_of_3 col-1 post-568 entry type-post has-media cat-4\"><div class=\"vcex-post-type-entry-inner entry-inner wpex-first-mt-0 wpex-last-mb-0 wpex-clr\"><div class=\"vcex-post-type-entry-media entry-media\"><a href=\"https:\/\/redpronorte.cl\/sitio\/proveedores-locales-recibieron-herramientas-sobre-aceleracion-de-ventas\/\" title=\"Proveedores locales recibieron herramientas sobre aceleraci\u00f3n de ventas\"><img decoding=\"async\" loading=\"lazy\" class=\"vcex-blog-entry-img wpex-align-middle\" src=\"https:\/\/redpronorte.cl\/sitio\/wp-content\/uploads\/2024\/11\/Foto10-scaled-375x250.jpg\" alt=\"\" srcset=\"https:\/\/redpronorte.cl\/sitio\/wp-content\/uploads\/2024\/11\/Foto10-scaled-375x250.jpg 375w, https:\/\/redpronorte.cl\/sitio\/wp-content\/uploads\/2024\/11\/Foto10-300x200.jpg 300w, https:\/\/redpronorte.cl\/sitio\/wp-content\/uploads\/2024\/11\/Foto10-1024x683.jpg 1024w, https:\/\/redpronorte.cl\/sitio\/wp-content\/uploads\/2024\/11\/Foto10-768x512.jpg 768w, https:\/\/redpronorte.cl\/sitio\/wp-content\/uploads\/2024\/11\/Foto10-1536x1024.jpg 1536w, https:\/\/redpronorte.cl\/sitio\/wp-content\/uploads\/2024\/11\/Foto10-2048x1365.jpg 2048w, https:\/\/redpronorte.cl\/sitio\/wp-content\/uploads\/2024\/11\/Foto10-scaled-1200x800.jpg 1200w\" width=\"375\" height=\"250\"><\/a><\/div><div class=\"vcex-post-type-entry-details entry-details wpex-bordered wpex-first-mt-0 wpex-last-mb-0 wpex-clr\"><div class=\"match-height-content\"><h2 class=\"vcex-post-type-entry-title entry-title wpex-mb-5\" ><a href=\"https:\/\/redpronorte.cl\/sitio\/proveedores-locales-recibieron-herramientas-sobre-aceleracion-de-ventas\/\">Proveedores locales recibieron herramientas sobre aceleraci\u00f3n de ventas<\/a><\/h2 ><div class=\"vcex-post-type-entry-date entry-date wpex-text-sm wpex-text-3 wpex-mb-5\">8 de Noviembre de 2024<\/div><div class=\"vcex-post-type-entry-excerpt entry-excerpt wpex-my-15 wpex-last-mb-0 wpex-clr\"><p>Identificar las brechas y oportunidad de crecimiento, el desarrollo de una mentalidad de crecimiento para l\u00edderes, el desbloquear creencias limitantes&hellip;<\/p><\/div><div class=\"vcex-post-type-entry-readmore-wrap entry-readmore-wrap wpex-my-15 wpex-clr\"><a href=\"https:\/\/redpronorte.cl\/sitio\/proveedores-locales-recibieron-herramientas-sobre-aceleracion-de-ventas\/\" class=\"theme-button\" aria-label=\"Read more about Proveedores locales recibieron herramientas sobre aceleraci\u00f3n de ventas\">Read more<\/a><\/div><\/div><\/div><\/div><\/div><div class=\"vcex-post-type-entry vcex-grid-item wpex-clr col span_1_of_3 col-2 post-562 entry type-post has-media cat-4\"><div class=\"vcex-post-type-entry-inner entry-inner wpex-first-mt-0 wpex-last-mb-0 wpex-clr\"><div class=\"vcex-post-type-entry-media entry-media\"><a href=\"https:\/\/redpronorte.cl\/sitio\/aii-y-teck-realizan-taller-de-negociacion-en-el-marco-de-red-pro-norte\/\" title=\"AII y Teck realizan taller de negociaci\u00f3n en el marco de Red Pro Norte\"><img decoding=\"async\" loading=\"lazy\" class=\"vcex-blog-entry-img wpex-align-middle\" src=\"https:\/\/redpronorte.cl\/sitio\/wp-content\/uploads\/2024\/11\/TallerNegociacion_02-scaled-333x250.jpeg\" alt=\"\" srcset=\"https:\/\/redpronorte.cl\/sitio\/wp-content\/uploads\/2024\/11\/TallerNegociacion_02-scaled-333x250.jpeg 333w, https:\/\/redpronorte.cl\/sitio\/wp-content\/uploads\/2024\/11\/TallerNegociacion_02-300x225.jpeg 300w, https:\/\/redpronorte.cl\/sitio\/wp-content\/uploads\/2024\/11\/TallerNegociacion_02-1024x768.jpeg 1024w, https:\/\/redpronorte.cl\/sitio\/wp-content\/uploads\/2024\/11\/TallerNegociacion_02-768x576.jpeg 768w, https:\/\/redpronorte.cl\/sitio\/wp-content\/uploads\/2024\/11\/TallerNegociacion_02-1536x1152.jpeg 1536w, https:\/\/redpronorte.cl\/sitio\/wp-content\/uploads\/2024\/11\/TallerNegociacion_02-2048x1536.jpeg 2048w, https:\/\/redpronorte.cl\/sitio\/wp-content\/uploads\/2024\/11\/TallerNegociacion_02-scaled-1200x900.jpeg 1200w\" width=\"333\" height=\"250\"><\/a><\/div><div class=\"vcex-post-type-entry-details entry-details wpex-bordered wpex-first-mt-0 wpex-last-mb-0 wpex-clr\"><div class=\"match-height-content\"><h2 class=\"vcex-post-type-entry-title entry-title wpex-mb-5\" ><a href=\"https:\/\/redpronorte.cl\/sitio\/aii-y-teck-realizan-taller-de-negociacion-en-el-marco-de-red-pro-norte\/\">AII y Teck realizan taller de negociaci\u00f3n en el marco de Red Pro Norte<\/a><\/h2 ><div class=\"vcex-post-type-entry-date entry-date wpex-text-sm wpex-text-3 wpex-mb-5\">5 de Noviembre de 2024<\/div><div class=\"vcex-post-type-entry-excerpt entry-excerpt wpex-my-15 wpex-last-mb-0 wpex-clr\"><p>Empresas regionales participaron de un Taller sobre Negociaci\u00f3n, organizado por la Asociaci\u00f3n de Industriales de Iquique y el Tamarugal (AII)&hellip;<\/p><\/div><div class=\"vcex-post-type-entry-readmore-wrap entry-readmore-wrap wpex-my-15 wpex-clr\"><a href=\"https:\/\/redpronorte.cl\/sitio\/aii-y-teck-realizan-taller-de-negociacion-en-el-marco-de-red-pro-norte\/\" class=\"theme-button\" aria-label=\"Read more about AII y Teck realizan taller de negociaci\u00f3n en el marco de Red Pro Norte\">Read more<\/a><\/div><\/div><\/div><\/div><\/div><div class=\"vcex-post-type-entry vcex-grid-item wpex-clr col span_1_of_3 col-3 post-523 entry type-post has-media cat-4\"><div class=\"vcex-post-type-entry-inner entry-inner wpex-first-mt-0 wpex-last-mb-0 wpex-clr\"><div class=\"vcex-post-type-entry-media entry-media\"><a href=\"https:\/\/redpronorte.cl\/sitio\/jornada-de-trabajo-con-proveedores-locales-abordo-el-liderazgo-estrategico-y-el-maximizar-las-oportunidades\/\" title=\"Jornada de trabajo con proveedores locales abord\u00f3 el liderazgo estrat\u00e9gico y el maximizar las oportunidades\"><img decoding=\"async\" loading=\"lazy\" class=\"vcex-blog-entry-img wpex-align-middle\" src=\"https:\/\/redpronorte.cl\/sitio\/wp-content\/uploads\/2024\/10\/01-IMG_2919-e1728314929111-556x250.jpg\" alt=\"\" srcset=\"https:\/\/redpronorte.cl\/sitio\/wp-content\/uploads\/2024\/10\/01-IMG_2919-e1728314929111-556x250.jpg 556w, https:\/\/redpronorte.cl\/sitio\/wp-content\/uploads\/2024\/10\/01-IMG_2919-e1728314929111-300x135.jpg 300w, https:\/\/redpronorte.cl\/sitio\/wp-content\/uploads\/2024\/10\/01-IMG_2919-e1728314929111-1024x461.jpg 1024w, https:\/\/redpronorte.cl\/sitio\/wp-content\/uploads\/2024\/10\/01-IMG_2919-e1728314929111-768x346.jpg 768w, https:\/\/redpronorte.cl\/sitio\/wp-content\/uploads\/2024\/10\/01-IMG_2919-e1728314929111-1536x691.jpg 1536w, https:\/\/redpronorte.cl\/sitio\/wp-content\/uploads\/2024\/10\/01-IMG_2919-e1728314929111-1200x540.jpg 1200w, https:\/\/redpronorte.cl\/sitio\/wp-content\/uploads\/2024\/10\/01-IMG_2919-e1728314929111.jpg 1920w\" width=\"556\" height=\"250\"><\/a><\/div><div class=\"vcex-post-type-entry-details entry-details wpex-bordered wpex-first-mt-0 wpex-last-mb-0 wpex-clr\"><div class=\"match-height-content\"><h2 class=\"vcex-post-type-entry-title entry-title wpex-mb-5\" ><a href=\"https:\/\/redpronorte.cl\/sitio\/jornada-de-trabajo-con-proveedores-locales-abordo-el-liderazgo-estrategico-y-el-maximizar-las-oportunidades\/\">Jornada de trabajo con proveedores locales abord\u00f3 el liderazgo estrat\u00e9gico y el maximizar las oportunidades<\/a><\/h2 ><div class=\"vcex-post-type-entry-date entry-date wpex-text-sm wpex-text-3 wpex-mb-5\">7 de Octubre de 2024<\/div><div class=\"vcex-post-type-entry-excerpt entry-excerpt wpex-my-15 wpex-last-mb-0 wpex-clr\"><p>La actividad de Red Pro Norte cont\u00f3 con la participaci\u00f3n de la Fundadora de The Brain Coach, consultora de coaching&hellip;<\/p><\/div><div class=\"vcex-post-type-entry-readmore-wrap entry-readmore-wrap wpex-my-15 wpex-clr\"><a href=\"https:\/\/redpronorte.cl\/sitio\/jornada-de-trabajo-con-proveedores-locales-abordo-el-liderazgo-estrategico-y-el-maximizar-las-oportunidades\/\" class=\"theme-button\" aria-label=\"Read more about Jornada de trabajo con proveedores locales abord\u00f3 el liderazgo estrat\u00e9gico y el maximizar las oportunidades\">Read more<\/a><\/div><\/div><\/div><\/div><\/div><div class=\"vcex-post-type-entry vcex-grid-item wpex-clr col span_1_of_3 col-1 post-496 entry type-post has-media cat-4\"><div class=\"vcex-post-type-entry-inner entry-inner wpex-first-mt-0 wpex-last-mb-0 wpex-clr\"><div class=\"vcex-post-type-entry-media entry-media\"><a href=\"https:\/\/redpronorte.cl\/sitio\/segunda-jornada-de-vinculacion-empresarial-de-proveedores-locales-abordo-la-negociacion-y-resolucion-de-conflictos\/\" title=\"Segunda \u201cJornada de Vinculaci\u00f3n Empresarial de Proveedores Locales\u201d  abord\u00f3 la negociaci\u00f3n y resoluci\u00f3n de conflictos\"><img decoding=\"async\" loading=\"lazy\" class=\"vcex-blog-entry-img wpex-align-middle\" src=\"https:\/\/redpronorte.cl\/sitio\/wp-content\/uploads\/2024\/09\/portada-556x250.jpg\" alt=\"\" srcset=\"https:\/\/redpronorte.cl\/sitio\/wp-content\/uploads\/2024\/09\/portada-556x250.jpg 556w, https:\/\/redpronorte.cl\/sitio\/wp-content\/uploads\/2024\/09\/portada-300x135.jpg 300w, https:\/\/redpronorte.cl\/sitio\/wp-content\/uploads\/2024\/09\/portada-1024x460.jpg 1024w, https:\/\/redpronorte.cl\/sitio\/wp-content\/uploads\/2024\/09\/portada-768x345.jpg 768w, https:\/\/redpronorte.cl\/sitio\/wp-content\/uploads\/2024\/09\/portada-1536x690.jpg 1536w, https:\/\/redpronorte.cl\/sitio\/wp-content\/uploads\/2024\/09\/portada-1200x539.jpg 1200w, https:\/\/redpronorte.cl\/sitio\/wp-content\/uploads\/2024\/09\/portada.jpg 1920w\" width=\"556\" height=\"250\"><\/a><\/div><div class=\"vcex-post-type-entry-details entry-details wpex-bordered wpex-first-mt-0 wpex-last-mb-0 wpex-clr\"><div class=\"match-height-content\"><h2 class=\"vcex-post-type-entry-title entry-title wpex-mb-5\" ><a href=\"https:\/\/redpronorte.cl\/sitio\/segunda-jornada-de-vinculacion-empresarial-de-proveedores-locales-abordo-la-negociacion-y-resolucion-de-conflictos\/\"><strong>Segunda \u201cJornada de Vinculaci\u00f3n Empresarial de Proveedores Locales\u201d  abord\u00f3 la negociaci\u00f3n y resoluci\u00f3n de conflictos<\/strong><\/a><\/h2 ><div class=\"vcex-post-type-entry-date entry-date wpex-text-sm wpex-text-3 wpex-mb-5\">6 de Septiembre de 2024<\/div><div class=\"vcex-post-type-entry-excerpt entry-excerpt wpex-my-15 wpex-last-mb-0 wpex-clr\"><p>La actividad cont\u00f3 con la participaci\u00f3n del creador de la primera consultora especialista en negociaci\u00f3n de Latinoam\u00e9rica, Francisco Pereira. Con&hellip;<\/p><\/div><div class=\"vcex-post-type-entry-readmore-wrap entry-readmore-wrap wpex-my-15 wpex-clr\"><a href=\"https:\/\/redpronorte.cl\/sitio\/segunda-jornada-de-vinculacion-empresarial-de-proveedores-locales-abordo-la-negociacion-y-resolucion-de-conflictos\/\" class=\"theme-button\" aria-label=\"Read more about Segunda \u201cJornada de Vinculaci\u00f3n Empresarial de Proveedores Locales\u201d  abord\u00f3 la negociaci\u00f3n y resoluci\u00f3n de conflictos\">Read more<\/a><\/div><\/div><\/div><\/div><\/div><div class=\"vcex-post-type-entry vcex-grid-item wpex-clr col span_1_of_3 col-2 post-502 entry type-post has-media cat-4\"><div class=\"vcex-post-type-entry-inner entry-inner wpex-first-mt-0 wpex-last-mb-0 wpex-clr\"><div class=\"vcex-post-type-entry-media entry-media\"><a href=\"https:\/\/redpronorte.cl\/sitio\/empresas-regionales-participan-en-taller-de-pitch\/\" title=\"Empresas regionales participan en Taller de Pitch\"><img decoding=\"async\" loading=\"lazy\" class=\"vcex-blog-entry-img wpex-align-middle\" src=\"https:\/\/redpronorte.cl\/sitio\/wp-content\/uploads\/2024\/09\/poprtada-556x250.jpg\" alt=\"\" srcset=\"https:\/\/redpronorte.cl\/sitio\/wp-content\/uploads\/2024\/09\/poprtada-556x250.jpg 556w, https:\/\/redpronorte.cl\/sitio\/wp-content\/uploads\/2024\/09\/poprtada-300x135.jpg 300w, https:\/\/redpronorte.cl\/sitio\/wp-content\/uploads\/2024\/09\/poprtada-1024x461.jpg 1024w, https:\/\/redpronorte.cl\/sitio\/wp-content\/uploads\/2024\/09\/poprtada-768x346.jpg 768w, https:\/\/redpronorte.cl\/sitio\/wp-content\/uploads\/2024\/09\/poprtada-1536x691.jpg 1536w, https:\/\/redpronorte.cl\/sitio\/wp-content\/uploads\/2024\/09\/poprtada-1200x540.jpg 1200w, https:\/\/redpronorte.cl\/sitio\/wp-content\/uploads\/2024\/09\/poprtada.jpg 1600w\" width=\"556\" height=\"250\"><\/a><\/div><div class=\"vcex-post-type-entry-details entry-details wpex-bordered wpex-first-mt-0 wpex-last-mb-0 wpex-clr\"><div class=\"match-height-content\"><h2 class=\"vcex-post-type-entry-title entry-title wpex-mb-5\" ><a href=\"https:\/\/redpronorte.cl\/sitio\/empresas-regionales-participan-en-taller-de-pitch\/\"><strong>Empresas regionales participan en Taller de Pitch<\/strong><\/a><\/h2 ><div class=\"vcex-post-type-entry-date entry-date wpex-text-sm wpex-text-3 wpex-mb-5\">4 de Septiembre de 2024<\/div><div class=\"vcex-post-type-entry-excerpt entry-excerpt wpex-my-15 wpex-last-mb-0 wpex-clr\"><p>Empresas participantes son parte del Programa \u201cSimulaci\u00f3n de un proceso de licitaci\u00f3n de Teck\u201d, la cual se enmarca dentro de&hellip;<\/p><\/div><div class=\"vcex-post-type-entry-readmore-wrap entry-readmore-wrap wpex-my-15 wpex-clr\"><a href=\"https:\/\/redpronorte.cl\/sitio\/empresas-regionales-participan-en-taller-de-pitch\/\" class=\"theme-button\" aria-label=\"Read more about Empresas regionales participan en Taller de Pitch\">Read more<\/a><\/div><\/div><\/div><\/div><\/div><div class=\"vcex-post-type-entry vcex-grid-item wpex-clr col span_1_of_3 col-3 post-484 entry type-post has-media cat-4\"><div class=\"vcex-post-type-entry-inner entry-inner wpex-first-mt-0 wpex-last-mb-0 wpex-clr\"><div class=\"vcex-post-type-entry-media entry-media\"><a href=\"https:\/\/redpronorte.cl\/sitio\/aii-y-teck-realizan-lanzamiento-de-programa-de-simulacion-de-licitacion\/\" title=\"AII y Teck realizan lanzamiento de programa de simulaci\u00f3n de licitaci\u00f3n\"><img decoding=\"async\" loading=\"lazy\" class=\"vcex-blog-entry-img wpex-align-middle\" src=\"https:\/\/redpronorte.cl\/sitio\/wp-content\/uploads\/2024\/08\/n1-556x250.jpg\" alt=\"\" srcset=\"https:\/\/redpronorte.cl\/sitio\/wp-content\/uploads\/2024\/08\/n1-556x250.jpg 556w, https:\/\/redpronorte.cl\/sitio\/wp-content\/uploads\/2024\/08\/n1-300x135.jpg 300w, https:\/\/redpronorte.cl\/sitio\/wp-content\/uploads\/2024\/08\/n1-1024x461.jpg 1024w, https:\/\/redpronorte.cl\/sitio\/wp-content\/uploads\/2024\/08\/n1-768x346.jpg 768w, https:\/\/redpronorte.cl\/sitio\/wp-content\/uploads\/2024\/08\/n1-1200x540.jpg 1200w, https:\/\/redpronorte.cl\/sitio\/wp-content\/uploads\/2024\/08\/n1.jpg 1536w\" width=\"556\" height=\"250\"><\/a><\/div><div class=\"vcex-post-type-entry-details entry-details wpex-bordered wpex-first-mt-0 wpex-last-mb-0 wpex-clr\"><div class=\"match-height-content\"><h2 class=\"vcex-post-type-entry-title entry-title wpex-mb-5\" ><a href=\"https:\/\/redpronorte.cl\/sitio\/aii-y-teck-realizan-lanzamiento-de-programa-de-simulacion-de-licitacion\/\"><strong>AII y Teck realizan lanzamiento de programa de simulaci\u00f3n de licitaci\u00f3n<\/strong><\/a><\/h2 ><div class=\"vcex-post-type-entry-date entry-date wpex-text-sm wpex-text-3 wpex-mb-5\">19 de Agosto de 2024<\/div><div class=\"vcex-post-type-entry-excerpt entry-excerpt wpex-my-15 wpex-last-mb-0 wpex-clr\"><p>En el Hotel Hilton Garden Inn, se llev\u00f3 a cabo el lanzamiento del Programa Simulaci\u00f3n de un proceso de Licitaci\u00f3n&hellip;<\/p><\/div><div class=\"vcex-post-type-entry-readmore-wrap entry-readmore-wrap wpex-my-15 wpex-clr\"><a href=\"https:\/\/redpronorte.cl\/sitio\/aii-y-teck-realizan-lanzamiento-de-programa-de-simulacion-de-licitacion\/\" class=\"theme-button\" aria-label=\"Read more about AII y Teck realizan lanzamiento de programa de simulaci\u00f3n de licitaci\u00f3n\">Read more<\/a><\/div><\/div><\/div><\/div><\/div><div class=\"vcex-post-type-entry vcex-grid-item wpex-clr col span_1_of_3 col-1 post-462 entry type-post has-media cat-4\"><div class=\"vcex-post-type-entry-inner entry-inner wpex-first-mt-0 wpex-last-mb-0 wpex-clr\"><div class=\"vcex-post-type-entry-media entry-media\"><a href=\"https:\/\/redpronorte.cl\/sitio\/aii-y-teck-realizan-primera-jornada-de-vinculacion-empresarial-de-proveedores-locales\/\" title=\"AII y Teck realizan primera \u201cJornada de Vinculaci\u00f3n Empresarial de Proveedores Locales\u201d\"><img decoding=\"async\" loading=\"lazy\" class=\"vcex-blog-entry-img wpex-align-middle\" src=\"https:\/\/redpronorte.cl\/sitio\/wp-content\/uploads\/2024\/08\/12-1-555x250.jpg\" alt=\"\" srcset=\"https:\/\/redpronorte.cl\/sitio\/wp-content\/uploads\/2024\/08\/12-1-555x250.jpg 555w, https:\/\/redpronorte.cl\/sitio\/wp-content\/uploads\/2024\/08\/12-1-300x135.jpg 300w, https:\/\/redpronorte.cl\/sitio\/wp-content\/uploads\/2024\/08\/12-1-768x346.jpg 768w, https:\/\/redpronorte.cl\/sitio\/wp-content\/uploads\/2024\/08\/12-1.jpg 1024w\" width=\"555\" height=\"250\"><\/a><\/div><div class=\"vcex-post-type-entry-details entry-details wpex-bordered wpex-first-mt-0 wpex-last-mb-0 wpex-clr\"><div class=\"match-height-content\"><h2 class=\"vcex-post-type-entry-title entry-title wpex-mb-5\" ><a href=\"https:\/\/redpronorte.cl\/sitio\/aii-y-teck-realizan-primera-jornada-de-vinculacion-empresarial-de-proveedores-locales\/\"><strong>AII y Teck realizan primera \u201cJornada de Vinculaci\u00f3n Empresarial de Proveedores Locales\u201d<\/strong><\/a><\/h2 ><div class=\"vcex-post-type-entry-date entry-date wpex-text-sm wpex-text-3 wpex-mb-5\">9 de Agosto de 2024<\/div><div class=\"vcex-post-type-entry-excerpt entry-excerpt wpex-my-15 wpex-last-mb-0 wpex-clr\"><p>La actividad cont\u00f3 con la participaci\u00f3n del creador y Head Coach de Power Pitch Method, H\u00e9ctor Sep\u00falveda. Con una alta&hellip;<\/p><\/div><div class=\"vcex-post-type-entry-readmore-wrap entry-readmore-wrap wpex-my-15 wpex-clr\"><a href=\"https:\/\/redpronorte.cl\/sitio\/aii-y-teck-realizan-primera-jornada-de-vinculacion-empresarial-de-proveedores-locales\/\" class=\"theme-button\" aria-label=\"Read more about AII y Teck realizan primera \u201cJornada de Vinculaci\u00f3n Empresarial de Proveedores Locales\u201d\">Read more<\/a><\/div><\/div><\/div><\/div><\/div><div class=\"vcex-post-type-entry vcex-grid-item wpex-clr col span_1_of_3 col-2 post-446 entry type-post has-media cat-4\"><div class=\"vcex-post-type-entry-inner entry-inner wpex-first-mt-0 wpex-last-mb-0 wpex-clr\"><div class=\"vcex-post-type-entry-media entry-media\"><a href=\"https:\/\/redpronorte.cl\/sitio\/encuentro-de-proveedores-de-la-red-pro-norte-convoca-a-cerca-de-40-empresas-regionales\/\" title=\"Encuentro de Proveedores de la Red Pro Norte convoca a cerca de 40 empresas regionales\"><img decoding=\"async\" loading=\"lazy\" class=\"vcex-blog-entry-img wpex-align-middle\" src=\"https:\/\/redpronorte.cl\/sitio\/wp-content\/uploads\/2023\/08\/nota1-556x250.jpg\" alt=\"\" srcset=\"https:\/\/redpronorte.cl\/sitio\/wp-content\/uploads\/2023\/08\/nota1-556x250.jpg 556w, https:\/\/redpronorte.cl\/sitio\/wp-content\/uploads\/2023\/08\/nota1-300x135.jpg 300w, https:\/\/redpronorte.cl\/sitio\/wp-content\/uploads\/2023\/08\/nota1-1024x461.jpg 1024w, https:\/\/redpronorte.cl\/sitio\/wp-content\/uploads\/2023\/08\/nota1-768x346.jpg 768w, https:\/\/redpronorte.cl\/sitio\/wp-content\/uploads\/2023\/08\/nota1-1536x691.jpg 1536w, https:\/\/redpronorte.cl\/sitio\/wp-content\/uploads\/2023\/08\/nota1-1200x540.jpg 1200w, https:\/\/redpronorte.cl\/sitio\/wp-content\/uploads\/2023\/08\/nota1.jpg 1600w\" width=\"556\" height=\"250\"><\/a><\/div><div class=\"vcex-post-type-entry-details entry-details wpex-bordered wpex-first-mt-0 wpex-last-mb-0 wpex-clr\"><div class=\"match-height-content\"><h2 class=\"vcex-post-type-entry-title entry-title wpex-mb-5\" ><a href=\"https:\/\/redpronorte.cl\/sitio\/encuentro-de-proveedores-de-la-red-pro-norte-convoca-a-cerca-de-40-empresas-regionales\/\"><strong>Encuentro de Proveedores de la Red Pro Norte convoca a cerca de 40 empresas regionales<\/strong><\/a><\/h2 ><div class=\"vcex-post-type-entry-date entry-date wpex-text-sm wpex-text-3 wpex-mb-5\">17 de Agosto de 2023<\/div><div class=\"vcex-post-type-entry-excerpt entry-excerpt wpex-my-15 wpex-last-mb-0 wpex-clr\"><p>Cerca de 40 empresas y proveedores de la miner\u00eda se dieron cita al encuentro de Proveedores Locales de la Red&hellip;<\/p><\/div><div class=\"vcex-post-type-entry-readmore-wrap entry-readmore-wrap wpex-my-15 wpex-clr\"><a href=\"https:\/\/redpronorte.cl\/sitio\/encuentro-de-proveedores-de-la-red-pro-norte-convoca-a-cerca-de-40-empresas-regionales\/\" class=\"theme-button\" aria-label=\"Read more about Encuentro de Proveedores de la Red Pro Norte convoca a cerca de 40 empresas regionales\">Read more<\/a><\/div><\/div><\/div><\/div><\/div><div class=\"vcex-post-type-entry vcex-grid-item wpex-clr col span_1_of_3 col-3 post-429 entry type-post has-media cat-4\"><div class=\"vcex-post-type-entry-inner entry-inner wpex-first-mt-0 wpex-last-mb-0 wpex-clr\"><div class=\"vcex-post-type-entry-media entry-media\"><a href=\"https:\/\/redpronorte.cl\/sitio\/queremos-lograr-que-esta-plataforma-se-transforme-en-una-marca-potente-reconocida-por-la-industria-como-un-medio-efectivo-para-buscar-proveedores-de-bienes-y-servicios\/\" title=\"Queremos lograr que esta plataforma se transforme en una marca potente, reconocida por la industria como un medio efectivo para buscar proveedores de bienes y servicios\"><img decoding=\"async\" loading=\"lazy\" class=\"vcex-blog-entry-img wpex-align-middle\" src=\"https:\/\/redpronorte.cl\/sitio\/wp-content\/uploads\/2023\/01\/nota5f01-556x250.jpg\" alt=\"\" srcset=\"https:\/\/redpronorte.cl\/sitio\/wp-content\/uploads\/2023\/01\/nota5f01-556x250.jpg 556w, https:\/\/redpronorte.cl\/sitio\/wp-content\/uploads\/2023\/01\/nota5f01-300x135.jpg 300w, https:\/\/redpronorte.cl\/sitio\/wp-content\/uploads\/2023\/01\/nota5f01-1024x461.jpg 1024w, https:\/\/redpronorte.cl\/sitio\/wp-content\/uploads\/2023\/01\/nota5f01-768x346.jpg 768w, https:\/\/redpronorte.cl\/sitio\/wp-content\/uploads\/2023\/01\/nota5f01-1536x691.jpg 1536w, https:\/\/redpronorte.cl\/sitio\/wp-content\/uploads\/2023\/01\/nota5f01-1200x540.jpg 1200w, https:\/\/redpronorte.cl\/sitio\/wp-content\/uploads\/2023\/01\/nota5f01.jpg 1600w\" width=\"556\" height=\"250\"><\/a><\/div><div class=\"vcex-post-type-entry-details entry-details wpex-bordered wpex-first-mt-0 wpex-last-mb-0 wpex-clr\"><div class=\"match-height-content\"><h2 class=\"vcex-post-type-entry-title entry-title wpex-mb-5\" ><a href=\"https:\/\/redpronorte.cl\/sitio\/queremos-lograr-que-esta-plataforma-se-transforme-en-una-marca-potente-reconocida-por-la-industria-como-un-medio-efectivo-para-buscar-proveedores-de-bienes-y-servicios\/\"><strong>Queremos lograr que esta plataforma se transforme en una marca potente, reconocida por la industria como un medio efectivo para buscar proveedores de bienes y servicios<\/strong><\/a><\/h2 ><div class=\"vcex-post-type-entry-date entry-date wpex-text-sm wpex-text-3 wpex-mb-5\">26 de Enero de 2023<\/div><div class=\"vcex-post-type-entry-excerpt entry-excerpt wpex-my-15 wpex-last-mb-0 wpex-clr\"><p>Sebasti\u00e1n Sotomayor, Gerente de Gesti\u00f3n de Materiales y Servicios de Teck Chile. La Red Pro Norte, iniciativa impulsada Teck en&hellip;<\/p><\/div><div class=\"vcex-post-type-entry-readmore-wrap entry-readmore-wrap wpex-my-15 wpex-clr\"><a href=\"https:\/\/redpronorte.cl\/sitio\/queremos-lograr-que-esta-plataforma-se-transforme-en-una-marca-potente-reconocida-por-la-industria-como-un-medio-efectivo-para-buscar-proveedores-de-bienes-y-servicios\/\" class=\"theme-button\" aria-label=\"Read more about Queremos lograr que esta plataforma se transforme en una marca potente, reconocida por la industria como un medio efectivo para buscar proveedores de bienes y servicios\">Read more<\/a><\/div><\/div><\/div><\/div><\/div><\/div><div class=\"wpex-pagination wpex-clear wpex-mt-30 wpex-clr\"><ul class='page-numbers'>\n\t<li><span aria-current=\"page\" class=\"page-numbers current\"><span class=\"screen-reader-text\">Page <\/span>1<\/span><\/li>\n\t<li><a class=\"page-numbers\" href=\"https:\/\/redpronorte.cl\/sitio\/wp-json\/wp\/v2\/pages\/2\/page\/2\/\"><span class=\"screen-reader-text\">Page <\/span>2<\/a><\/li>\n\t<li><a class=\"next page-numbers\" href=\"https:\/\/redpronorte.cl\/sitio\/wp-json\/wp\/v2\/pages\/2\/page\/2\/\"><span class=\"ticon ticon-angle-right\" aria-hidden=\"true\"><\/span><span class=\"screen-reader-text\">Next<\/span><\/a><\/li>\n<\/ul>\n<\/div><\/div>[\/vc_column][\/vc_row][vc_row full_width=&#8221;stretch_row&#8221; wpex_bg_overlay=&#8221;color&#8221; css=&#8221;.vc_custom_1674593145310{padding-top: 20px !important;padding-bottom: 20px !important;background-color: #ffffff !important;background-position: 0 0 !important;background-repeat: no-repeat !important;}&#8221; wpex_bg_overlay_color=&#8221;#d8d8d8&#8243; wpex_bg_overlay_opacity=&#8221;0.85&#8243;][vc_column][vc_progress_bar values=&#8221;%5B%7B%22label%22%3A%22Obras%20Civiles%22%2C%22value%22%3A%2280%22%2C%22color%22%3A%22bar_blue%22%7D%2C%7B%22label%22%3A%22Ferreteria%20e%20Insumos%20Industriales%22%2C%22value%22%3A%2275%22%2C%22color%22%3A%22bar_black%22%7D%2C%7B%22label%22%3A%22Consultoria%20y%20Servicios%20Profesionales%22%2C%22value%22%3A%2270%22%2C%22color%22%3A%22mulled- wine%22%7D%2C%7B%22label%22%3A%22Obras%20Menores%20de%20Construcci%C3%B3n%22%2C%22value%22%3A%2265%22%2C%22color%22%3A%22vista-blue%22%7D%2C%7B%22label%22%3A%22Oficinas%20Modulares%2C%20Contenedores%20y%20Estanques%22%2C%22value%22%3A%2260%22%2C%22color%22%3A%22grey%22%7D%5D&#8221; bgcolor=&#8221;chino&#8221; title=&#8221;Servicios mas buscados&#8221;][\/vc_column][\/vc_row][vc_row css=&#8221;.vc_custom_1503184752112{padding-top: 60px !important;}&#8221;][vc_column width=&#8221;1\/2&#8243;][vc_empty_space height=&#8221;20px&#8221;]<h2 class=\"vcex-heading vcex-module wpex-text-2xl wpex-font-normal wpex-m-auto wpex-max-w-100 vcex-heading-plain wpex-block\"><span class=\"vcex-heading-inner wpex-inline-block wpex-clr\">INSCRIBETE YA EN RED PRO NORTE<\/span><\/h2>[vc_column_text]Registra tu empresa con los siguientes requisitos:<\/p>\n<p>\u2022 Personas jur\u00eddicas, seg\u00fan definici\u00f3n del Servicio de Impuestos Internos.<br \/>\n\u2022 Personas naturales con iniciaci\u00f3n de actividades en Primera Categor\u00eda, seg\u00fan definici\u00f3n del Servicio de Impuestos Internos.<br \/>\n\u2022 Debe contar con su casa matriz en la Regi\u00f3n de Tarapac\u00e1.<\/p>\n<p>Sigue estos simples pasos y \u00a1\u00fanete ahora!<br \/>\n\u2022 Completa el <a href=\"https:\/\/www.redpronorte.freya.cl\/m\/m_inscripcion\/v\/gi_inscribir_proveedor_web.php\">formulario de inscripci\u00f3n.<\/a><br \/>\n\u2022 Te enviaremos tu respuesta, en un plazo de 10 d\u00edas h\u00e1biles.[\/vc_column_text][\/vc_column][vc_column width=&#8221;1\/2&#8243;][vc_single_image image=&#8221;151&#8243; css_animation=&#8221;fadeInRight&#8221;][\/vc_column][\/vc_row][vc_row css=&#8221;.vc_custom_1503184752112{padding-top: 60px !important;}&#8221;][vc_column]<div class=\"vcex-module vcex-divider-dots wpex-mr-auto wpex-ml-auto wpex-last-mr-0 wpex-text-center\"><span class=\"wpex-inline-block wpex-rounded-full wpex-bg-accent wpex-mr-10\" style=\"background:#748e9e;\"><\/span><span class=\"wpex-inline-block wpex-rounded-full wpex-bg-accent wpex-mr-10\" style=\"background:#748e9e;\"><\/span><span class=\"wpex-inline-block wpex-rounded-full wpex-bg-accent wpex-mr-10\" style=\"background:#748e9e;\"><\/span><\/div>[\/vc_column][\/vc_row][vc_row css=&#8221;.vc_custom_1503272898180{padding-bottom: 35px !important;}&#8221;][vc_column width=&#8221;1\/3&#8243;]<div class=\"vcex-module vcex-icon-box vcex-icon-box-two wpex-relative wpex-text-center\"><div class=\"vcex-icon-box-symbol wpex-mb-20\"><img decoding=\"async\" width=\"100\" height=\"100\" src=\"https:\/\/redpronorte.cl\/sitio\/wp-content\/uploads\/2022\/12\/empresa-icon.jpg\" class=\"vcex-icon-box-image wpex-align-middle\" alt=\"\" loading=\"lazy\" \/><\/div><div class=\"vcex-icon-box-text\"><h3 class=\"vcex-icon-box-heading wpex-heading wpex-text-md wpex-mb-10\" style=\"font-size:18px;\">732 Proveedores<\/h3><div class=\"vcex-icon-box-content wpex-last-mb-0 wpex-clr\"><p>A la fecha contamos con 732 proveedores inscritos.<\/p>\n<\/div><\/div><\/div>[\/vc_column][vc_column width=&#8221;1\/3&#8243;]<div class=\"vcex-module vcex-icon-box vcex-icon-box-two wpex-relative wpex-text-center\"><div class=\"vcex-icon-box-symbol wpex-mb-20\"><img decoding=\"async\" width=\"100\" height=\"100\" src=\"https:\/\/redpronorte.cl\/sitio\/wp-content\/uploads\/2022\/12\/icono-verificado.jpg\" class=\"vcex-icon-box-image wpex-align-middle\" alt=\"\" loading=\"lazy\" \/><\/div><div class=\"vcex-icon-box-text\"><h3 class=\"vcex-icon-box-heading wpex-heading wpex-text-md wpex-mb-10\" style=\"font-size:18px;\">1.493 Servicios Respaldados<\/h3><div class=\"vcex-icon-box-content wpex-last-mb-0 wpex-clr\"><p>Contamos con una base de 1.493 servicios respaldados por nuestros ejecutivos.<\/p>\n<\/div><\/div><\/div>[\/vc_column][vc_column width=&#8221;1\/3&#8243;]<div class=\"vcex-module vcex-icon-box vcex-icon-box-two wpex-relative wpex-text-center\"><div class=\"vcex-icon-box-symbol wpex-mb-20\"><img decoding=\"async\" width=\"100\" height=\"100\" src=\"https:\/\/redpronorte.cl\/sitio\/wp-content\/uploads\/2022\/12\/icono-buscar.jpg\" class=\"vcex-icon-box-image wpex-align-middle\" alt=\"\" loading=\"lazy\" \/><\/div><div class=\"vcex-icon-box-text\"><h3 class=\"vcex-icon-box-heading wpex-heading wpex-text-md wpex-mb-10\" style=\"font-size:18px;\">100 B\u00fasquedas<\/h3><div class=\"vcex-icon-box-content wpex-last-mb-0 wpex-clr\"><p>100 b\u00fasquedas han sido realizadas por mandantes este mes.<\/p>\n<\/div><\/div><\/div>[\/vc_column][\/vc_row][vc_row full_width=&#8221;stretch_row&#8221; css=&#8221;.vc_custom_1673968370754{padding-top: 60px !important;background-color: #eeeeee !important;}&#8221;][vc_column css=&#8221;.vc_custom_1503271746016{margin-bottom: 0px !important;}&#8221;]<div class=\"vcex-module vcex-testimonials-fullslider dark-skin has-controlnav\"><div class=\"wpex-slider slider-pro\" data-fade-arrows=\"false\" data-arrows=\"true\" data-buttons=\"true\" data-loop=\"true\" data-fade=\"true\" data-auto-play-delay=\"5000\" data-animation-speed=\"600\" data-height-animation-duration=\"500\" data-touch-swipe-desktop=\"false\"><div class=\"wpex-slider-slides sp-slides\"><div class=\"wpex-slider-slide sp-slide post-358 entry type-testimonials\"><div class=\"vcex-testimonials-fullslider-inner clr textcenter\"><div class=\"entry wpex-clr\"><table style=\"border: hidden\">\n<tbody>\n<tr>\n<td width=\"30%\"><img decoding=\"async\" class=\"alignnone size-medium wp-image-359\" src=\"https:\/\/redpronorte.cl\/sitio\/wp-content\/uploads\/2023\/01\/Francisco-Prieto-gerente-general-de-Todo-Piping-300x297.png\" alt=\"\" width=\"300\" srcset=\"https:\/\/redpronorte.cl\/sitio\/wp-content\/uploads\/2023\/01\/Francisco-Prieto-gerente-general-de-Todo-Piping-300x297.png 300w, https:\/\/redpronorte.cl\/sitio\/wp-content\/uploads\/2023\/01\/Francisco-Prieto-gerente-general-de-Todo-Piping-150x150.png 150w, https:\/\/redpronorte.cl\/sitio\/wp-content\/uploads\/2023\/01\/Francisco-Prieto-gerente-general-de-Todo-Piping.png 600w\" sizes=\"(max-width: 300px) 100vw, 300px\" \/><\/td>\n<td style=\"vertical-align: top;padding-top: 10px\">\n<h5 style=\"text-align: left\"><strong>Francisco Prieto, gerente general de Todo Piping<\/strong><\/h5>\n<blockquote>\n<p style=\"text-align: left\">Me parece que es una herramienta tecnol\u00f3gica f\u00e1cil y r\u00e1pida para conectar lo que es el mundo minero con los contratistas y proveedores locales<\/p>\n<\/blockquote>\n<\/td>\n<\/tr>\n<\/tbody>\n<\/table>\n<\/div><div class=\"vcex-testimonials-fullslider-author clr\"><div class=\"vcex-testimonials-fullslider-author-name\"><\/div><\/div><\/div><\/div><div class=\"wpex-slider-slide sp-slide post-368 entry type-testimonials\"><div class=\"vcex-testimonials-fullslider-inner clr textcenter\"><div class=\"entry wpex-clr\"><table style=\"border: hidden\">\n<tbody>\n<tr>\n<td width=\"30%\"><img decoding=\"async\" class=\"alignnone size-medium wp-image-369\" src=\"https:\/\/redpronorte.cl\/sitio\/wp-content\/uploads\/2023\/01\/luis-guines-300x296.png\" alt=\"\" width=\"300\" srcset=\"https:\/\/redpronorte.cl\/sitio\/wp-content\/uploads\/2023\/01\/luis-guines-300x296.png 300w, https:\/\/redpronorte.cl\/sitio\/wp-content\/uploads\/2023\/01\/luis-guines.png 400w\" sizes=\"(max-width: 300px) 100vw, 300px\" \/><\/td>\n<td style=\"vertical-align: top;padding-top: 10px\">\n<h5 style=\"text-align: left\"><strong>Luis Henr\u00edquez Gui\u00f1ez, gerente comercial de Rubbercom<\/strong><\/h5>\n<blockquote>\n<p style=\"text-align: left\">Para nosotros, es una herramienta que nos permite interactuar entre personas y empresas de la primera regi\u00f3n. Dando la posibilidad de exponer y presentar nuestras empresas entre los pares y los mandantes<\/p>\n<\/blockquote>\n<\/td>\n<\/tr>\n<\/tbody>\n<\/table>\n<\/div><div class=\"vcex-testimonials-fullslider-author clr\"><div class=\"vcex-testimonials-fullslider-author-name\"><\/div><\/div><\/div><\/div><div class=\"wpex-slider-slide sp-slide post-372 entry type-testimonials\"><div class=\"vcex-testimonials-fullslider-inner clr textcenter\"><div class=\"entry wpex-clr\"><table style=\"border: hidden\">\n<tbody>\n<tr>\n<td width=\"30%\"><img decoding=\"async\" class=\"size-medium wp-image-373 aligncenter\" src=\"https:\/\/redpronorte.cl\/sitio\/wp-content\/uploads\/2023\/01\/pamela-gaete-300x296.png\" alt=\"\" width=\"300\" srcset=\"https:\/\/redpronorte.cl\/sitio\/wp-content\/uploads\/2023\/01\/pamela-gaete-300x296.png 300w, https:\/\/redpronorte.cl\/sitio\/wp-content\/uploads\/2023\/01\/pamela-gaete.png 400w\" sizes=\"(max-width: 300px) 100vw, 300px\" \/><\/td>\n<td style=\"vertical-align: top;padding-top: 10px\">\n<h5 style=\"text-align: left\"><strong>Pamela Gaete, gerenta general de VPS Spa<\/strong><\/h5>\n<blockquote>\n<p style=\"text-align: left\">Es una oportunidad de visualizaci\u00f3n de las empresas locales impulsando la contrataci\u00f3n local<\/p>\n<\/blockquote>\n<\/td>\n<\/tr>\n<\/tbody>\n<\/table>\n<\/div><div class=\"vcex-testimonials-fullslider-author clr\"><div class=\"vcex-testimonials-fullslider-author-name\"><\/div><\/div><\/div><\/div><div class=\"wpex-slider-slide sp-slide post-392 entry type-testimonials\"><div class=\"vcex-testimonials-fullslider-inner clr textcenter\"><div class=\"entry wpex-clr\"><table style=\"border: hidden\">\n<tbody>\n<tr>\n<td width=\"30%\"><img loading=\"lazy\" decoding=\"async\" class=\"alignnone size-medium wp-image-393\" src=\"https:\/\/redpronorte.cl\/sitio\/wp-content\/uploads\/2023\/01\/makarena-300x296.png\" alt=\"\" width=\"300\" height=\"296\" srcset=\"https:\/\/redpronorte.cl\/sitio\/wp-content\/uploads\/2023\/01\/makarena-300x296.png 300w, https:\/\/redpronorte.cl\/sitio\/wp-content\/uploads\/2023\/01\/makarena.png 400w\" sizes=\"auto, (max-width: 300px) 100vw, 300px\" \/><\/td>\n<td style=\"vertical-align: top;padding-top: 10px\">\n<h5 style=\"text-align: left\"><strong>Macarena Y\u00e1\u00f1ez, gerente t\u00e9cnico de Constructora Tamarugal<\/strong><\/h5>\n<blockquote>\n<p style=\"text-align: left\">Red Pro Norte nos ha ayudado como empresa a tener presencia en la miner\u00eda de Tarapac\u00e1. Desde que ingresamos, ya estamos siendo invitados a licitaciones<\/p>\n<\/blockquote>\n<\/td>\n<\/tr>\n<\/tbody>\n<\/table>\n<\/div><div class=\"vcex-testimonials-fullslider-author clr\"><div class=\"vcex-testimonials-fullslider-author-name\"><\/div><\/div><\/div><\/div><div class=\"wpex-slider-slide sp-slide post-395 entry type-testimonials\"><div class=\"vcex-testimonials-fullslider-inner clr textcenter\"><div class=\"entry wpex-clr\"><table style=\"border: hidden\">\n<tbody>\n<tr>\n<td width=\"30%\"><img loading=\"lazy\" decoding=\"async\" class=\"alignnone size-medium wp-image-396\" src=\"https:\/\/redpronorte.cl\/sitio\/wp-content\/uploads\/2023\/01\/alvaro-v-300x296.png\" alt=\"\" width=\"300\" height=\"296\" srcset=\"https:\/\/redpronorte.cl\/sitio\/wp-content\/uploads\/2023\/01\/alvaro-v-300x296.png 300w, https:\/\/redpronorte.cl\/sitio\/wp-content\/uploads\/2023\/01\/alvaro-v.png 400w\" sizes=\"auto, (max-width: 300px) 100vw, 300px\" \/><\/td>\n<td style=\"vertical-align: top;padding-top: 10px\">\n<h5 style=\"text-align: left\"><strong>\u00c1lvaro Valenzuela, gerente general de Recynor<\/strong><\/h5>\n<blockquote>\n<p style=\"text-align: left\">Red Pro Norte nos ha significado una visibilizaci\u00f3n en el mundo minero. Y es importante que se vincule a todas las empresas prestadoras de servicio que est\u00e1n en la regi\u00f3n de Tarapac\u00e1<\/p>\n<\/blockquote>\n<\/td>\n<\/tr>\n<\/tbody>\n<\/table>\n<\/div><div class=\"vcex-testimonials-fullslider-author clr\"><div class=\"vcex-testimonials-fullslider-author-name\"><\/div><\/div><\/div><\/div><\/div><\/div><\/div>[\/vc_column][\/vc_row][vc_row][vc_column][\/vc_column][\/vc_row][vc_row content_placement=&#8221;middle&#8221; equal_height=&#8221;yes&#8221;][vc_column width=&#8221;1\/4&#8243;][vc_single_image image=&#8221;287&#8243; img_size=&#8221;40&#215;40&#8243; alignment=&#8221;center&#8221; onclick=&#8221;custom_link&#8221; img_link_target=&#8221;_blank&#8221; link=&#8221;https:\/\/twitter.com\/Red_ProNorte&#8221;][\/vc_column][vc_column width=&#8221;1\/4&#8243;][vc_single_image image=&#8221;288&#8243; img_size=&#8221;40&#215;40&#8243; alignment=&#8221;center&#8221; onclick=&#8221;custom_link&#8221; img_link_target=&#8221;_blank&#8221; link=&#8221;https:\/\/web.facebook.com\/RedProNorte&#8221;][\/vc_column][vc_column width=&#8221;1\/4&#8243;][vc_single_image image=&#8221;289&#8243; img_size=&#8221;40&#215;40&#8243; alignment=&#8221;center&#8221; onclick=&#8221;custom_link&#8221; img_link_target=&#8221;_blank&#8221; link=&#8221;https:\/\/www.instagram.com\/red_pronorte\/&#8221;][\/vc_column][vc_column width=&#8221;1\/4&#8243;][vc_single_image image=&#8221;290&#8243; img_size=&#8221;40&#215;40&#8243; alignment=&#8221;center&#8221; onclick=&#8221;custom_link&#8221; img_link_target=&#8221;_blank&#8221; link=&#8221;https:\/\/www.linkedin.com\/in\/red-pro-norte-735718229&#8243;][\/vc_column][\/vc_row]\n","protected":false},"excerpt":{"rendered":"<p>[vc_row][vc_column][\/vc_column][\/vc_row][vc_row css=&#8221;.vc_custom_1503184752112{padding-top: 60px !important;}&#8221;][vc_column width=&#8221;1\/2&#8243;][vc_empty_space height=&#8221;20px&#8221;][vc_column_text]Somos el portal de proveedores de la regi\u00f3n de Tarapac\u00e1, facilitamos tu b\u00fasqueda y presencia, potenciando tu participaci\u00f3n en el ecosistema de suministro del sector minero y rubros asociados, como turismo, construcci\u00f3n, pesca, comercio, transporte y servicios industriales. En Red Pro Norte respaldamos tu experiencia como empresa proveedora bajo un&hellip;<\/p>\n","protected":false},"author":3,"featured_media":0,"parent":0,"menu_order":0,"comment_status":"closed","ping_status":"closed","template":"","meta":{"footnotes":""},"class_list":["post-2","page","type-page","status-publish","hentry","entry","no-media"],"_links":{"self":[{"href":"https:\/\/redpronorte.cl\/sitio\/wp-json\/wp\/v2\/pages\/2","targetHints":{"allow":["GET"]}}],"collection":[{"href":"https:\/\/redpronorte.cl\/sitio\/wp-json\/wp\/v2\/pages"}],"about":[{"href":"https:\/\/redpronorte.cl\/sitio\/wp-json\/wp\/v2\/types\/page"}],"author":[{"embeddable":true,"href":"https:\/\/redpronorte.cl\/sitio\/wp-json\/wp\/v2\/users\/3"}],"replies":[{"embeddable":true,"href":"https:\/\/redpronorte.cl\/sitio\/wp-json\/wp\/v2\/comments?post=2"}],"version-history":[{"count":133,"href":"https:\/\/redpronorte.cl\/sitio\/wp-json\/wp\/v2\/pages\/2\/revisions"}],"predecessor-version":[{"id":629,"href":"https:\/\/redpronorte.cl\/sitio\/wp-json\/wp\/v2\/pages\/2\/revisions\/629"}],"wp:attachment":[{"href":"https:\/\/redpronorte.cl\/sitio\/wp-json\/wp\/v2\/media?parent=2"}],"curies":[{"name":"wp","href":"https:\/\/api.w.org\/{rel}","templated":true}]}}